{"id":6995,"date":"2021-05-04T14:29:05","date_gmt":"2021-05-04T14:29:05","guid":{"rendered":"https:\/\/economia-sustentavel.com\/?page_id=6995"},"modified":"2021-07-22T14:20:56","modified_gmt":"2021-07-22T14:20:56","slug":"agir","status":"publish","type":"page","link":"https:\/\/economia-sustentavel.com\/en\/agir\/","title":{"rendered":"Agir"},"content":{"rendered":"\t\t<div data-elementor-type=\"wp-page\" data-elementor-id=\"6995\" class=\"elementor elementor-6995\">\n\t\t\t\t\t\t<section class=\"elementor-section elementor-top-section elementor-element elementor-element-380dedd0 elementor-section-boxed elementor-section-height-default elementor-section-height-default\" data-id=\"380dedd0\" data-element_type=\"section\" data-e-type=\"section\">\n\t\t\t\t\t\t<div class=\"elementor-container elementor-column-gap-default\">\n\t\t\t\t\t<div class=\"elementor-column elementor-col-100 elementor-top-column elementor-element elementor-element-31ddd004\" data-id=\"31ddd004\" data-element_type=\"column\" data-e-type=\"column\">\n\t\t\t<div class=\"elementor-widget-wrap elementor-element-populated\">\n\t\t\t\t\t\t<div class=\"elementor-element elementor-element-2e8eb7e elementor-widget elementor-widget-text-editor\" data-id=\"2e8eb7e\" data-element_type=\"widget\" data-e-type=\"widget\" data-widget_type=\"text-editor.default\">\n\t\t\t\t<div class=\"elementor-widget-container\">\n\t\t\t\t\t\t\t\t\t<p>H\u00e1 momentos na nossa vida, independentemente da idade, que nos fazem pura e simplesmente sentir que n\u00e3o pertencemos:\u00a0 \u00e0 sociedade, \u00e0 comunidade, \u00e0 escola, \u00e0 empresa, \u00e0 fam\u00edlia, ou outra institui\u00e7\u00e3o.<\/p><p>N\u00e3o nos reconhecemos. Somos saud\u00e1veis, temos capacidade para pensar, transportamos experi\u00eancia e viv\u00eancia e at\u00e9 temos inten\u00e7\u00f5es e planos que intu\u00edmos que possam dar certo.<\/p><p>Se alguma destas situa\u00e7\u00f5es ressoou ent\u00e3o:<\/p><ul><li>Est\u00e1 pronto para dar a si mesmo tempo e espa\u00e7o para refletir sobre quest\u00f5es importantes da sua vida, trabalho ou estudos?<\/li><li>Est\u00e1 em transi\u00e7\u00e3o de vida sentindo-se numa encruzilhada?<\/li><li>Quer fazer a diferen\u00e7a ou fazer diferente, mas tem dificuldade em sustentar a sua ideia\/inten\u00e7\u00e3o\/decis\u00e3o?<\/li><\/ul><p>Se a sua resposta \u00e9 sim, a mais do que uma das quest\u00f5es adira ao projeto <strong>Reflex\u00e3o &amp; Coragem<\/strong> e encontre as suas respostas, raz\u00f5es e motivos.<\/p><p>Devemos adiantar que para al\u00e9m das inten\u00e7\u00f5es e princ\u00edpios j\u00e1 referidos, que:<\/p><ul><li>N\u00e3o temos nenhuma \u201cmetodologia espec\u00edfica\u201d para desenvolver este projeto, nem certificado para passar, porque acreditamos na liberdade e independ\u00eancia de quem nos procura;<\/li><li>Procuramos ajudar com quest\u00f5es, reflex\u00f5es (individuais ou conjuntas) e tempo.<\/li><\/ul><p>Convidamos a participar numa <strong>Tert\u00falia de Coragem &amp; Reflex\u00e3o<\/strong>, realizada mensalmente, <strong>\u00e0s quartas-feiras \u00e0s 14,30 h<\/strong>, com o objetivo de explorar situa\u00e7\u00f5es, refletir e \u00a0estimular a coragem de enfrentar o resultados dessa reflex\u00f5es.<\/p><p>A partir desta Tert\u00falia podem ser visualizadas v\u00e1rios caminhos e v\u00e1rias solu\u00e7\u00f5es.<\/p><p>Por exemplo: fazer uma avalia\u00e7\u00e3o de carreira, criar o pr\u00f3prio emprego, mudar de pa\u00eds, transformar algo mais profundo atrav\u00e9s de um programa de desenvolvimento pessoal\u2026 todas as hip\u00f3teses s\u00e3o poss\u00edveis. \u00a0<\/p><p>\u00a0Se est\u00e1 interessado em participar envie email para: <a href=\"mailto:geral@economia-sustent%C3%A1vel.com\">geral@economia-sustentavel.com<\/a>\u00a0\u00a0\u00a0\u00a0\u00a0\u00a0\u00a0\u00a0\u00a0 ou ligue-nos pelo telefone 219\u00a0834\u00a0310<\/p>\t\t\t\t\t\t\t\t<\/div>\n\t\t\t\t<\/div>\n\t\t\t\t\t<\/div>\n\t\t<\/div>\n\t\t\t\t\t<\/div>\n\t\t<\/section>\n\t\t\t\t<section class=\"elementor-section elementor-top-section elementor-element elementor-element-dd9f004 elementor-section-boxed elementor-section-height-default elementor-section-height-default\" data-id=\"dd9f004\" data-element_type=\"section\" data-e-type=\"section\">\n\t\t\t\t\t\t<div class=\"elementor-container elementor-column-gap-default\">\n\t\t\t\t\t<div class=\"elementor-column elementor-col-100 elementor-top-column elementor-element elementor-element-93f790e\" data-id=\"93f790e\" data-element_type=\"column\" data-e-type=\"column\">\n\t\t\t<div class=\"elementor-widget-wrap elementor-element-populated\">\n\t\t\t\t\t\t<div class=\"elementor-element elementor-element-51db392 elementor-widget elementor-widget-shortcode\" data-id=\"51db392\" data-element_type=\"widget\" data-e-type=\"widget\" data-widget_type=\"shortcode.default\">\n\t\t\t\t<div class=\"elementor-widget-container\">\n\t\t\t\t\t\t\t<div class=\"elementor-shortcode\"><div class=\"wpforms-container wpforms-container-full\" id=\"wpforms-7289\"><form id=\"wpforms-form-7289\" class=\"wpforms-validate wpforms-form\" data-formid=\"7289\" method=\"post\" enctype=\"multipart\/form-data\" action=\"\/en\/wp-json\/wp\/v2\/pages\/6995\" data-token=\"e5782d187919c42d195e684062235730\" data-token-time=\"1777635006\"><noscript class=\"wpforms-error-noscript\">Please enable JavaScript in your browser to complete this form.<\/noscript><div class=\"wpforms-field-container\"><div id=\"wpforms-7289-field_0-container\" class=\"wpforms-field wpforms-field-name\" data-field-id=\"0\"><label class=\"wpforms-field-label\" for=\"wpforms-7289-field_0\">Nome <span class=\"wpforms-required-label\">*<\/span><\/label><input type=\"text\" id=\"wpforms-7289-field_0\" class=\"wpforms-field-medium wpforms-field-required\" name=\"wpforms[fields][0]\" required><\/div><div id=\"wpforms-7289-field_1-container\" class=\"wpforms-field wpforms-field-email\" data-field-id=\"1\"><label class=\"wpforms-field-label\" for=\"wpforms-7289-field_1\">Email <span class=\"wpforms-required-label\">*<\/span><\/label><input type=\"email\" id=\"wpforms-7289-field_1\" class=\"wpforms-field-medium wpforms-field-required\" name=\"wpforms[fields][1]\" spellcheck=\"false\" required><\/div><div id=\"wpforms-7289-field_2-container\" class=\"wpforms-field wpforms-field-textarea\" data-field-id=\"2\"><label class=\"wpforms-field-label\" for=\"wpforms-7289-field_2\">Escreva aqui a sua mensagem <span class=\"wpforms-required-label\">*<\/span><\/label><textarea id=\"wpforms-7289-field_2\" class=\"wpforms-field-medium wpforms-field-required\" name=\"wpforms[fields][2]\" required><\/textarea><\/div><\/div><!-- .wpforms-field-container --><div class=\"wpforms-submit-container\" ><input type=\"hidden\" name=\"wpforms[id]\" value=\"7289\"><input type=\"hidden\" name=\"page_title\" value=\"\"><input type=\"hidden\" name=\"page_url\" value=\"https:\/\/economia-sustentavel.com\/en\/wp-json\/wp\/v2\/pages\/6995\"><input type=\"hidden\" name=\"url_referer\" value=\"\"><button type=\"submit\" name=\"wpforms[submit]\" id=\"wpforms-submit-7289\" class=\"wpforms-submit\" data-alt-text=\"Enviar \" data-submit-text=\"Enviar\" aria-live=\"assertive\" value=\"wpforms-submit\">Enviar<\/button><\/div><\/form><\/div>  <!-- .wpforms-container -->\n<\/div>\n\t\t\t\t\t\t<\/div>\n\t\t\t\t<\/div>\n\t\t\t\t\t<\/div>\n\t\t<\/div>\n\t\t\t\t\t<\/div>\n\t\t<\/section>\n\t\t\t\t<\/div>\n\t\t","protected":false},"excerpt":{"rendered":"<p>H\u00e1 momentos na nossa vida, independentemente da idade, que nos fazem pura e simplesmente sentir que n\u00e3o pertencemos:<\/p>","protected":false},"author":1,"featured_media":6990,"parent":0,"menu_order":0,"comment_status":"closed","ping_status":"closed","template":"","meta":{"footnotes":""},"class_list":["post-6995","page","type-page","status-publish","has-post-thumbnail","hentry"],"yoast_head":"<!-- This site is optimized with the Yoast SEO plugin v27.2 - https:\/\/yoast.com\/product\/yoast-seo-wordpress\/ -->\n<title>Agir - AESS economia sustentavel<\/title>\n<meta name=\"description\" content=\"H\u00e1 momentos na nossa vida, independentemente da idade, que nos fazem pura e simplesmente sentir que n\u00e3o pertencemos: \u00e0 sociedade, \u00e0 comunidade, \u00e0 escola, \u00e0 empresa, \u00e0 fam\u00edlia, ou outra institui\u00e7\u00e3o.\" \/>\n<meta name=\"robots\" content=\"index, follow, max-snippet:-1, max-image-preview:large, max-video-preview:-1\" \/>\n<link rel=\"canonical\" href=\"https:\/\/economia-sustentavel.com\/en\/agir\/\" \/>\n<meta property=\"og:locale\" content=\"en_GB\" \/>\n<meta property=\"og:type\" content=\"article\" \/>\n<meta property=\"og:title\" content=\"Agir - AESS economia sustentavel\" \/>\n<meta property=\"og:description\" content=\"H\u00e1 momentos na nossa vida, independentemente da idade, que nos fazem pura e simplesmente sentir que n\u00e3o pertencemos: \u00e0 sociedade, \u00e0 comunidade, \u00e0 escola, \u00e0 empresa, \u00e0 fam\u00edlia, ou outra institui\u00e7\u00e3o.\" \/>\n<meta property=\"og:url\" content=\"https:\/\/economia-sustentavel.com\/en\/agir\/\" \/>\n<meta property=\"og:site_name\" content=\"AESS economia sustentavel\" \/>\n<meta property=\"article:modified_time\" content=\"2021-07-22T14:20:56+00:00\" \/>\n<meta property=\"og:image\" content=\"https:\/\/economia-sustentavel.com\/wp-content\/uploads\/2021\/05\/alan-de-la-cruz-CmO_GydmKaY-unsplash-scaled.jpg\" \/>\n\t<meta property=\"og:image:width\" content=\"2560\" \/>\n\t<meta property=\"og:image:height\" content=\"1440\" \/>\n\t<meta property=\"og:image:type\" content=\"image\/jpeg\" \/>\n<meta name=\"twitter:card\" content=\"summary_large_image\" \/>\n<meta name=\"twitter:label1\" content=\"Estimated reading time\" \/>\n\t<meta name=\"twitter:data1\" content=\"2 minutes\" \/>\n<script type=\"application\/ld+json\" class=\"yoast-schema-graph\">{\"@context\":\"https:\/\/schema.org\",\"@graph\":[{\"@type\":\"WebPage\",\"@id\":\"https:\/\/economia-sustentavel.com\/agir\/\",\"url\":\"https:\/\/economia-sustentavel.com\/agir\/\",\"name\":\"Agir - AESS economia sustentavel\",\"isPartOf\":{\"@id\":\"https:\/\/economia-sustentavel.com\/#website\"},\"primaryImageOfPage\":{\"@id\":\"https:\/\/economia-sustentavel.com\/agir\/#primaryimage\"},\"image\":{\"@id\":\"https:\/\/economia-sustentavel.com\/agir\/#primaryimage\"},\"thumbnailUrl\":\"https:\/\/economia-sustentavel.com\/wp-content\/uploads\/2021\/05\/alan-de-la-cruz-CmO_GydmKaY-unsplash-scaled.jpg\",\"datePublished\":\"2021-05-04T14:29:05+00:00\",\"dateModified\":\"2021-07-22T14:20:56+00:00\",\"description\":\"H\u00e1 momentos na nossa vida, independentemente da idade, que nos fazem pura e simplesmente sentir que n\u00e3o pertencemos: \u00e0 sociedade, \u00e0 comunidade, \u00e0 escola, \u00e0 empresa, \u00e0 fam\u00edlia, ou outra institui\u00e7\u00e3o.\",\"breadcrumb\":{\"@id\":\"https:\/\/economia-sustentavel.com\/agir\/#breadcrumb\"},\"inLanguage\":\"en-GB\",\"potentialAction\":[{\"@type\":\"ReadAction\",\"target\":[\"https:\/\/economia-sustentavel.com\/agir\/\"]}]},{\"@type\":\"ImageObject\",\"inLanguage\":\"en-GB\",\"@id\":\"https:\/\/economia-sustentavel.com\/agir\/#primaryimage\",\"url\":\"https:\/\/economia-sustentavel.com\/wp-content\/uploads\/2021\/05\/alan-de-la-cruz-CmO_GydmKaY-unsplash-scaled.jpg\",\"contentUrl\":\"https:\/\/economia-sustentavel.com\/wp-content\/uploads\/2021\/05\/alan-de-la-cruz-CmO_GydmKaY-unsplash-scaled.jpg\",\"width\":2560,\"height\":1440},{\"@type\":\"BreadcrumbList\",\"@id\":\"https:\/\/economia-sustentavel.com\/agir\/#breadcrumb\",\"itemListElement\":[{\"@type\":\"ListItem\",\"position\":1,\"name\":\"Home\",\"item\":\"https:\/\/economia-sustentavel.com\/\"},{\"@type\":\"ListItem\",\"position\":2,\"name\":\"Agir\"}]},{\"@type\":\"WebSite\",\"@id\":\"https:\/\/economia-sustentavel.com\/#website\",\"url\":\"https:\/\/economia-sustentavel.com\/\",\"name\":\"AESS economia sustentavel\",\"description\":\"Just another WordPress site\",\"potentialAction\":[{\"@type\":\"SearchAction\",\"target\":{\"@type\":\"EntryPoint\",\"urlTemplate\":\"https:\/\/economia-sustentavel.com\/?s={search_term_string}\"},\"query-input\":{\"@type\":\"PropertyValueSpecification\",\"valueRequired\":true,\"valueName\":\"search_term_string\"}}],\"inLanguage\":\"en-GB\"}]}<\/script>\n<!-- \/ Yoast SEO plugin. -->","yoast_head_json":{"title":"Agir - AESS economia sustentavel","description":"H\u00e1 momentos na nossa vida, independentemente da idade, que nos fazem pura e simplesmente sentir que n\u00e3o pertencemos: \u00e0 sociedade, \u00e0 comunidade, \u00e0 escola, \u00e0 empresa, \u00e0 fam\u00edlia, ou outra institui\u00e7\u00e3o.","robots":{"index":"index","follow":"follow","max-snippet":"max-snippet:-1","max-image-preview":"max-image-preview:large","max-video-preview":"max-video-preview:-1"},"canonical":"https:\/\/economia-sustentavel.com\/en\/agir\/","og_locale":"en_GB","og_type":"article","og_title":"Agir - AESS economia sustentavel","og_description":"H\u00e1 momentos na nossa vida, independentemente da idade, que nos fazem pura e simplesmente sentir que n\u00e3o pertencemos: \u00e0 sociedade, \u00e0 comunidade, \u00e0 escola, \u00e0 empresa, \u00e0 fam\u00edlia, ou outra institui\u00e7\u00e3o.","og_url":"https:\/\/economia-sustentavel.com\/en\/agir\/","og_site_name":"AESS economia sustentavel","article_modified_time":"2021-07-22T14:20:56+00:00","og_image":[{"width":2560,"height":1440,"url":"https:\/\/economia-sustentavel.com\/wp-content\/uploads\/2021\/05\/alan-de-la-cruz-CmO_GydmKaY-unsplash-scaled.jpg","type":"image\/jpeg"}],"twitter_card":"summary_large_image","twitter_misc":{"Estimated reading time":"2 minutes"},"schema":{"@context":"https:\/\/schema.org","@graph":[{"@type":"WebPage","@id":"https:\/\/economia-sustentavel.com\/agir\/","url":"https:\/\/economia-sustentavel.com\/agir\/","name":"Agir - AESS economia sustentavel","isPartOf":{"@id":"https:\/\/economia-sustentavel.com\/#website"},"primaryImageOfPage":{"@id":"https:\/\/economia-sustentavel.com\/agir\/#primaryimage"},"image":{"@id":"https:\/\/economia-sustentavel.com\/agir\/#primaryimage"},"thumbnailUrl":"https:\/\/economia-sustentavel.com\/wp-content\/uploads\/2021\/05\/alan-de-la-cruz-CmO_GydmKaY-unsplash-scaled.jpg","datePublished":"2021-05-04T14:29:05+00:00","dateModified":"2021-07-22T14:20:56+00:00","description":"H\u00e1 momentos na nossa vida, independentemente da idade, que nos fazem pura e simplesmente sentir que n\u00e3o pertencemos: \u00e0 sociedade, \u00e0 comunidade, \u00e0 escola, \u00e0 empresa, \u00e0 fam\u00edlia, ou outra institui\u00e7\u00e3o.","breadcrumb":{"@id":"https:\/\/economia-sustentavel.com\/agir\/#breadcrumb"},"inLanguage":"en-GB","potentialAction":[{"@type":"ReadAction","target":["https:\/\/economia-sustentavel.com\/agir\/"]}]},{"@type":"ImageObject","inLanguage":"en-GB","@id":"https:\/\/economia-sustentavel.com\/agir\/#primaryimage","url":"https:\/\/economia-sustentavel.com\/wp-content\/uploads\/2021\/05\/alan-de-la-cruz-CmO_GydmKaY-unsplash-scaled.jpg","contentUrl":"https:\/\/economia-sustentavel.com\/wp-content\/uploads\/2021\/05\/alan-de-la-cruz-CmO_GydmKaY-unsplash-scaled.jpg","width":2560,"height":1440},{"@type":"BreadcrumbList","@id":"https:\/\/economia-sustentavel.com\/agir\/#breadcrumb","itemListElement":[{"@type":"ListItem","position":1,"name":"Home","item":"https:\/\/economia-sustentavel.com\/"},{"@type":"ListItem","position":2,"name":"Agir"}]},{"@type":"WebSite","@id":"https:\/\/economia-sustentavel.com\/#website","url":"https:\/\/economia-sustentavel.com\/","name":"AESS economia sustentavel","description":"Just another WordPress site","potentialAction":[{"@type":"SearchAction","target":{"@type":"EntryPoint","urlTemplate":"https:\/\/economia-sustentavel.com\/?s={search_term_string}"},"query-input":{"@type":"PropertyValueSpecification","valueRequired":true,"valueName":"search_term_string"}}],"inLanguage":"en-GB"}]}},"_links":{"self":[{"href":"https:\/\/economia-sustentavel.com\/en\/wp-json\/wp\/v2\/pages\/6995","targetHints":{"allow":["GET"]}}],"collection":[{"href":"https:\/\/economia-sustentavel.com\/en\/wp-json\/wp\/v2\/pages"}],"about":[{"href":"https:\/\/economia-sustentavel.com\/en\/wp-json\/wp\/v2\/types\/page"}],"author":[{"embeddable":true,"href":"https:\/\/economia-sustentavel.com\/en\/wp-json\/wp\/v2\/users\/1"}],"replies":[{"embeddable":true,"href":"https:\/\/economia-sustentavel.com\/en\/wp-json\/wp\/v2\/comments?post=6995"}],"version-history":[{"count":30,"href":"https:\/\/economia-sustentavel.com\/en\/wp-json\/wp\/v2\/pages\/6995\/revisions"}],"predecessor-version":[{"id":7317,"href":"https:\/\/economia-sustentavel.com\/en\/wp-json\/wp\/v2\/pages\/6995\/revisions\/7317"}],"wp:featuredmedia":[{"embeddable":true,"href":"https:\/\/economia-sustentavel.com\/en\/wp-json\/wp\/v2\/media\/6990"}],"wp:attachment":[{"href":"https:\/\/economia-sustentavel.com\/en\/wp-json\/wp\/v2\/media?parent=6995"}],"curies":[{"name":"wp","href":"https:\/\/api.w.org\/{rel}","templated":true}]}}